{"id":21840,"date":"2023-03-19T14:22:02","date_gmt":"2023-03-19T14:22:02","guid":{"rendered":"https:\/\/espanola.signus.agency\/?post_type=product&#038;p=21840"},"modified":"2023-03-19T14:22:42","modified_gmt":"2023-03-19T14:22:42","slug":"alyvuoges-zalios-manzanilla-idarytos-raudona-paprika-292g","status":"publish","type":"product","link":"https:\/\/espanola.lt\/en\/product\/alyvuoges-zalios-manzanilla-idarytos-raudona-paprika-292g\/","title":{"rendered":"Alyvuog\u0117s \u017ealios MANZANILLA \u012fdarytos Raudona paprika, 292g."},"content":{"rendered":"<p><span style=\"font-size: 11.0pt; line-height: 107%; font-family: 'Calibri',sans-serif; mso-ascii-theme-font: minor-latin; mso-fareast-font-family: Calibri; mso-fareast-theme-font: minor-latin; mso-hansi-theme-font: minor-latin; mso-bidi-font-family: 'Times New Roman'; mso-bidi-theme-font: minor-bidi; mso-ansi-language: LT; mso-fareast-language: EN-US; mso-bidi-language: AR-SA;\">Sud\u0117tis:\u00a0<\/span><span style=\"font-size: 11.0pt; line-height: 107%; font-family: 'Calibri',sans-serif; mso-ascii-theme-font: minor-latin; mso-fareast-font-family: Calibri; mso-fareast-theme-font: minor-latin; mso-hansi-theme-font: minor-latin; mso-bidi-font-family: 'Times New Roman'; mso-bidi-theme-font: minor-bidi; mso-ansi-language: EN-US; mso-fareast-language: EN-US; mso-bidi-language: AR-SA;\">Manzanilla alyvuog\u0117s,\u00a0 vanduo, paprik<\/span><span style=\"font-size: 11.0pt; line-height: 107%; font-family: 'Calibri',sans-serif; mso-ascii-theme-font: minor-latin; mso-fareast-font-family: Calibri; mso-fareast-theme-font: minor-latin; mso-hansi-theme-font: minor-latin; mso-bidi-font-family: 'Times New Roman'; mso-bidi-theme-font: minor-bidi; mso-ansi-language: LT; mso-fareast-language: EN-US; mso-bidi-language: AR-SA;\">\u0173<\/span><span style=\"font-size: 11.0pt; line-height: 107%; font-family: 'Calibri',sans-serif; mso-ascii-theme-font: minor-latin; mso-fareast-font-family: Calibri; mso-fareast-theme-font: minor-latin; mso-hansi-theme-font: minor-latin; mso-bidi-font-family: 'Times New Roman'; mso-bidi-theme-font: minor-bidi; mso-ansi-language: EN-US; mso-fareast-language: EN-US; mso-bidi-language: AR-SA;\">\u00a0pasta 9,5% (vanduo, skrudinta paprika 27%, prieskoniai ir stabilizatorius: natrio alginatas), druska, E-621, E635, r\u016bg\u0161tiklis: citrinos r\u016bg\u0161tis ir antioksidantas: askorbo r\u016bg\u0161tis. (PASTERIZUOTA) Maistin\u0117 vert\u0117: Vert\u0117s 100 g produkto Energin\u0117 vert\u0117\u00a0 683 kj (163 kcal) Riebalai\u00a0 13,1 g (i\u0161 kuri\u0173 so\u010di\u0173j\u0173 riebal\u0173 r\u016bg\u0161\u010di\u0173 5,7 g.), Angliavandeniai 7,8g., i\u0161 kuri\u0173 Cukr\u016bs 0 g, Skaidulin<\/span><span style=\"font-size: 11.0pt; line-height: 107%; font-family: 'Calibri',sans-serif; mso-ascii-theme-font: minor-latin; mso-fareast-font-family: Calibri; mso-fareast-theme-font: minor-latin; mso-hansi-theme-font: minor-latin; mso-bidi-font-family: 'Times New Roman'; mso-bidi-theme-font: minor-bidi; mso-ansi-language: LT; mso-fareast-language: EN-US; mso-bidi-language: AR-SA;\">\u0117s med\u017eiagos 3,9,\u00a0<\/span><span style=\"font-size: 11.0pt; line-height: 107%; font-family: 'Calibri',sans-serif; mso-ascii-theme-font: minor-latin; mso-fareast-font-family: Calibri; mso-fareast-theme-font: minor-latin; mso-hansi-theme-font: minor-latin; mso-bidi-font-family: 'Times New Roman'; mso-bidi-theme-font: minor-bidi; mso-ansi-language: EN-US; mso-fareast-language: EN-US; mso-bidi-language: AR-SA;\">Baltymai 1,4 g, Druska 2,5 g. Laikyti v\u0117sioje vietoje. Atidarius pakuot\u0119 laikyti \u0161aldytuve. Partijos Nr.\/Geriausia suvartoti iki: \u017er. pakuot\u0119. Grynasis svoris 120g. Gamintojas Aceitunas Callosa, S.L. .\u00a0 Kilm\u0117s \u0161alis: Ispanija<\/span><\/p>\n","protected":false},"excerpt":{"rendered":"<p>Raudona paprika \u012fdarytos alyvuog\u0117s atskleid\u017ei\u0105 tradicin\u012f tarpusavyje puikiai derint\u012f skon\u012f.<br \/>\nGrynasis kiekis 120g.<\/p>\n","protected":false},"featured_media":21911,"template":"","meta":[],"product_brand":[],"product_cat":[97,98,88],"product_tag":[],"class_list":{"0":"post-21840","1":"product","2":"type-product","3":"status-publish","4":"has-post-thumbnail","6":"product_cat-alyvuoges","7":"product_cat-alyvuoges-horeca","8":"product_cat-horeca","10":"first","11":"instock","12":"shipping-taxable","13":"purchasable","14":"product-type-simple"},"yoast_head":"<!-- This site is optimized with the Yoast SEO plugin v23.7 - https:\/\/yoast.com\/wordpress\/plugins\/seo\/ -->\n<title>Alyvuog\u0117s \u017ealios MANZANILLA \u012fdarytos Raudona paprika, 292g. | Espanola.lt<\/title>\n<meta name=\"description\" content=\"Atraskite auk\u0161tos kokyb\u0117s ispani\u0161kus delikatesus \u2013 s\u016brius, kumpius, alyvuoges ir \u017euv\u012f. Tikras Ispanijos skonis tiesiai \u012f j\u016bs\u0173 namus.\" \/>\n<meta name=\"robots\" content=\"index, follow, max-snippet:-1, max-image-preview:large, max-video-preview:-1\" \/>\n<link rel=\"canonical\" href=\"https:\/\/espanola.lt\/en\/product\/alyvuoges-zalios-manzanilla-idarytos-raudona-paprika-292g\/\" \/>\n<meta property=\"og:locale\" content=\"en_US\" \/>\n<meta property=\"og:type\" content=\"article\" \/>\n<meta property=\"og:title\" content=\"Alyvuog\u0117s \u017ealios MANZANILLA \u012fdarytos Raudona paprika, 292g. | Espanola.lt\" \/>\n<meta property=\"og:description\" content=\"Atraskite auk\u0161tos kokyb\u0117s ispani\u0161kus delikatesus \u2013 s\u016brius, kumpius, alyvuoges ir \u017euv\u012f. Tikras Ispanijos skonis tiesiai \u012f j\u016bs\u0173 namus.\" \/>\n<meta property=\"og:url\" content=\"https:\/\/espanola.lt\/en\/product\/alyvuoges-zalios-manzanilla-idarytos-raudona-paprika-292g\/\" \/>\n<meta property=\"og:site_name\" content=\"Espanola\" \/>\n<meta property=\"article:publisher\" content=\"https:\/\/www.facebook.com\/espanola.lt\" \/>\n<meta property=\"article:modified_time\" content=\"2023-03-19T14:22:42+00:00\" \/>\n<meta property=\"og:image\" content=\"https:\/\/espanola.lt\/wp-content\/uploads\/2023\/03\/7-Zalios-alyvuoges-manzanila-su-paprikomis-292g.jpg\" \/>\n\t<meta property=\"og:image:width\" content=\"800\" \/>\n\t<meta property=\"og:image:height\" content=\"800\" \/>\n\t<meta property=\"og:image:type\" content=\"image\/jpeg\" \/>\n<meta name=\"twitter:card\" content=\"summary_large_image\" \/>\n<meta name=\"twitter:label1\" content=\"Est. reading time\" \/>\n\t<meta name=\"twitter:data1\" content=\"1 minute\" \/>\n<script type=\"application\/ld+json\" class=\"yoast-schema-graph\">{\"@context\":\"https:\/\/schema.org\",\"@graph\":[{\"@type\":\"WebPage\",\"@id\":\"https:\/\/espanola.lt\/en\/product\/alyvuoges-zalios-manzanilla-idarytos-raudona-paprika-292g\/\",\"url\":\"https:\/\/espanola.lt\/en\/product\/alyvuoges-zalios-manzanilla-idarytos-raudona-paprika-292g\/\",\"name\":\"Alyvuog\u0117s \u017ealios MANZANILLA \u012fdarytos Raudona paprika, 292g. | Espanola.lt\",\"isPartOf\":{\"@id\":\"https:\/\/espanola.lt\/#website\"},\"primaryImageOfPage\":{\"@id\":\"https:\/\/espanola.lt\/en\/product\/alyvuoges-zalios-manzanilla-idarytos-raudona-paprika-292g\/#primaryimage\"},\"image\":{\"@id\":\"https:\/\/espanola.lt\/en\/product\/alyvuoges-zalios-manzanilla-idarytos-raudona-paprika-292g\/#primaryimage\"},\"thumbnailUrl\":\"https:\/\/espanola.lt\/wp-content\/uploads\/2023\/03\/7-Zalios-alyvuoges-manzanila-su-paprikomis-292g.jpg\",\"datePublished\":\"2023-03-19T14:22:02+00:00\",\"dateModified\":\"2023-03-19T14:22:42+00:00\",\"description\":\"Atraskite auk\u0161tos kokyb\u0117s ispani\u0161kus delikatesus \u2013 s\u016brius, kumpius, alyvuoges ir \u017euv\u012f. Tikras Ispanijos skonis tiesiai \u012f j\u016bs\u0173 namus.\",\"breadcrumb\":{\"@id\":\"https:\/\/espanola.lt\/en\/product\/alyvuoges-zalios-manzanilla-idarytos-raudona-paprika-292g\/#breadcrumb\"},\"inLanguage\":\"en-US\",\"potentialAction\":[{\"@type\":\"ReadAction\",\"target\":[\"https:\/\/espanola.lt\/en\/product\/alyvuoges-zalios-manzanilla-idarytos-raudona-paprika-292g\/\"]}]},{\"@type\":\"ImageObject\",\"inLanguage\":\"en-US\",\"@id\":\"https:\/\/espanola.lt\/en\/product\/alyvuoges-zalios-manzanilla-idarytos-raudona-paprika-292g\/#primaryimage\",\"url\":\"https:\/\/espanola.lt\/wp-content\/uploads\/2023\/03\/7-Zalios-alyvuoges-manzanila-su-paprikomis-292g.jpg\",\"contentUrl\":\"https:\/\/espanola.lt\/wp-content\/uploads\/2023\/03\/7-Zalios-alyvuoges-manzanila-su-paprikomis-292g.jpg\",\"width\":800,\"height\":800},{\"@type\":\"BreadcrumbList\",\"@id\":\"https:\/\/espanola.lt\/en\/product\/alyvuoges-zalios-manzanilla-idarytos-raudona-paprika-292g\/#breadcrumb\",\"itemListElement\":[{\"@type\":\"ListItem\",\"position\":1,\"name\":\"Home\",\"item\":\"https:\/\/espanola.lt\/en\/homepage\/\"},{\"@type\":\"ListItem\",\"position\":2,\"name\":\"Shop\",\"item\":\"https:\/\/espanola.lt\/en\/shop\/\"},{\"@type\":\"ListItem\",\"position\":3,\"name\":\"Alyvuog\u0117s \u017ealios MANZANILLA \u012fdarytos Raudona paprika, 292g.\"}]},{\"@type\":\"WebSite\",\"@id\":\"https:\/\/espanola.lt\/#website\",\"url\":\"https:\/\/espanola.lt\/\",\"name\":\"Espanola.lt | Tikras Ispanijos skonis \u2013 J\u016bs\u0173 namuose!\",\"description\":\"\",\"publisher\":{\"@id\":\"https:\/\/espanola.lt\/#organization\"},\"potentialAction\":[{\"@type\":\"SearchAction\",\"target\":{\"@type\":\"EntryPoint\",\"urlTemplate\":\"https:\/\/espanola.lt\/?s={search_term_string}\"},\"query-input\":{\"@type\":\"PropertyValueSpecification\",\"valueRequired\":true,\"valueName\":\"search_term_string\"}}],\"inLanguage\":\"en-US\"},{\"@type\":\"Organization\",\"@id\":\"https:\/\/espanola.lt\/#organization\",\"name\":\"Espanola.lt\",\"url\":\"https:\/\/espanola.lt\/\",\"logo\":{\"@type\":\"ImageObject\",\"inLanguage\":\"en-US\",\"@id\":\"https:\/\/espanola.lt\/#\/schema\/logo\/image\/\",\"url\":\"https:\/\/espanola.lt\/wp-content\/uploads\/2023\/03\/notext_color.png\",\"contentUrl\":\"https:\/\/espanola.lt\/wp-content\/uploads\/2023\/03\/notext_color.png\",\"width\":916,\"height\":204,\"caption\":\"Espanola.lt\"},\"image\":{\"@id\":\"https:\/\/espanola.lt\/#\/schema\/logo\/image\/\"},\"sameAs\":[\"https:\/\/www.facebook.com\/espanola.lt\",\"https:\/\/www.instagram.com\/espanola.lt\/\"]}]}<\/script>\n<!-- \/ Yoast SEO plugin. -->","yoast_head_json":{"title":"Alyvuog\u0117s \u017ealios MANZANILLA \u012fdarytos Raudona paprika, 292g. | Espanola.lt","description":"Atraskite auk\u0161tos kokyb\u0117s ispani\u0161kus delikatesus \u2013 s\u016brius, kumpius, alyvuoges ir \u017euv\u012f. Tikras Ispanijos skonis tiesiai \u012f j\u016bs\u0173 namus.","robots":{"index":"index","follow":"follow","max-snippet":"max-snippet:-1","max-image-preview":"max-image-preview:large","max-video-preview":"max-video-preview:-1"},"canonical":"https:\/\/espanola.lt\/en\/product\/alyvuoges-zalios-manzanilla-idarytos-raudona-paprika-292g\/","og_locale":"en_US","og_type":"article","og_title":"Alyvuog\u0117s \u017ealios MANZANILLA \u012fdarytos Raudona paprika, 292g. | Espanola.lt","og_description":"Atraskite auk\u0161tos kokyb\u0117s ispani\u0161kus delikatesus \u2013 s\u016brius, kumpius, alyvuoges ir \u017euv\u012f. Tikras Ispanijos skonis tiesiai \u012f j\u016bs\u0173 namus.","og_url":"https:\/\/espanola.lt\/en\/product\/alyvuoges-zalios-manzanilla-idarytos-raudona-paprika-292g\/","og_site_name":"Espanola","article_publisher":"https:\/\/www.facebook.com\/espanola.lt","article_modified_time":"2023-03-19T14:22:42+00:00","og_image":[{"width":800,"height":800,"url":"https:\/\/espanola.lt\/wp-content\/uploads\/2023\/03\/7-Zalios-alyvuoges-manzanila-su-paprikomis-292g.jpg","type":"image\/jpeg"}],"twitter_card":"summary_large_image","twitter_misc":{"Est. reading time":"1 minute"},"schema":{"@context":"https:\/\/schema.org","@graph":[{"@type":"WebPage","@id":"https:\/\/espanola.lt\/en\/product\/alyvuoges-zalios-manzanilla-idarytos-raudona-paprika-292g\/","url":"https:\/\/espanola.lt\/en\/product\/alyvuoges-zalios-manzanilla-idarytos-raudona-paprika-292g\/","name":"Alyvuog\u0117s \u017ealios MANZANILLA \u012fdarytos Raudona paprika, 292g. | Espanola.lt","isPartOf":{"@id":"https:\/\/espanola.lt\/#website"},"primaryImageOfPage":{"@id":"https:\/\/espanola.lt\/en\/product\/alyvuoges-zalios-manzanilla-idarytos-raudona-paprika-292g\/#primaryimage"},"image":{"@id":"https:\/\/espanola.lt\/en\/product\/alyvuoges-zalios-manzanilla-idarytos-raudona-paprika-292g\/#primaryimage"},"thumbnailUrl":"https:\/\/espanola.lt\/wp-content\/uploads\/2023\/03\/7-Zalios-alyvuoges-manzanila-su-paprikomis-292g.jpg","datePublished":"2023-03-19T14:22:02+00:00","dateModified":"2023-03-19T14:22:42+00:00","description":"Atraskite auk\u0161tos kokyb\u0117s ispani\u0161kus delikatesus \u2013 s\u016brius, kumpius, alyvuoges ir \u017euv\u012f. Tikras Ispanijos skonis tiesiai \u012f j\u016bs\u0173 namus.","breadcrumb":{"@id":"https:\/\/espanola.lt\/en\/product\/alyvuoges-zalios-manzanilla-idarytos-raudona-paprika-292g\/#breadcrumb"},"inLanguage":"en-US","potentialAction":[{"@type":"ReadAction","target":["https:\/\/espanola.lt\/en\/product\/alyvuoges-zalios-manzanilla-idarytos-raudona-paprika-292g\/"]}]},{"@type":"ImageObject","inLanguage":"en-US","@id":"https:\/\/espanola.lt\/en\/product\/alyvuoges-zalios-manzanilla-idarytos-raudona-paprika-292g\/#primaryimage","url":"https:\/\/espanola.lt\/wp-content\/uploads\/2023\/03\/7-Zalios-alyvuoges-manzanila-su-paprikomis-292g.jpg","contentUrl":"https:\/\/espanola.lt\/wp-content\/uploads\/2023\/03\/7-Zalios-alyvuoges-manzanila-su-paprikomis-292g.jpg","width":800,"height":800},{"@type":"BreadcrumbList","@id":"https:\/\/espanola.lt\/en\/product\/alyvuoges-zalios-manzanilla-idarytos-raudona-paprika-292g\/#breadcrumb","itemListElement":[{"@type":"ListItem","position":1,"name":"Home","item":"https:\/\/espanola.lt\/en\/homepage\/"},{"@type":"ListItem","position":2,"name":"Shop","item":"https:\/\/espanola.lt\/en\/shop\/"},{"@type":"ListItem","position":3,"name":"Alyvuog\u0117s \u017ealios MANZANILLA \u012fdarytos Raudona paprika, 292g."}]},{"@type":"WebSite","@id":"https:\/\/espanola.lt\/#website","url":"https:\/\/espanola.lt\/","name":"Espanola.lt | Tikras Ispanijos skonis \u2013 J\u016bs\u0173 namuose!","description":"","publisher":{"@id":"https:\/\/espanola.lt\/#organization"},"potentialAction":[{"@type":"SearchAction","target":{"@type":"EntryPoint","urlTemplate":"https:\/\/espanola.lt\/?s={search_term_string}"},"query-input":{"@type":"PropertyValueSpecification","valueRequired":true,"valueName":"search_term_string"}}],"inLanguage":"en-US"},{"@type":"Organization","@id":"https:\/\/espanola.lt\/#organization","name":"Espanola.lt","url":"https:\/\/espanola.lt\/","logo":{"@type":"ImageObject","inLanguage":"en-US","@id":"https:\/\/espanola.lt\/#\/schema\/logo\/image\/","url":"https:\/\/espanola.lt\/wp-content\/uploads\/2023\/03\/notext_color.png","contentUrl":"https:\/\/espanola.lt\/wp-content\/uploads\/2023\/03\/notext_color.png","width":916,"height":204,"caption":"Espanola.lt"},"image":{"@id":"https:\/\/espanola.lt\/#\/schema\/logo\/image\/"},"sameAs":["https:\/\/www.facebook.com\/espanola.lt","https:\/\/www.instagram.com\/espanola.lt\/"]}]}},"_links":{"self":[{"href":"https:\/\/espanola.lt\/en\/wp-json\/wp\/v2\/product\/21840"}],"collection":[{"href":"https:\/\/espanola.lt\/en\/wp-json\/wp\/v2\/product"}],"about":[{"href":"https:\/\/espanola.lt\/en\/wp-json\/wp\/v2\/types\/product"}],"version-history":[{"count":1,"href":"https:\/\/espanola.lt\/en\/wp-json\/wp\/v2\/product\/21840\/revisions"}],"predecessor-version":[{"id":21912,"href":"https:\/\/espanola.lt\/en\/wp-json\/wp\/v2\/product\/21840\/revisions\/21912"}],"wp:featuredmedia":[{"embeddable":true,"href":"https:\/\/espanola.lt\/en\/wp-json\/wp\/v2\/media\/21911"}],"wp:attachment":[{"href":"https:\/\/espanola.lt\/en\/wp-json\/wp\/v2\/media?parent=21840"}],"wp:term":[{"taxonomy":"product_brand","embeddable":true,"href":"https:\/\/espanola.lt\/en\/wp-json\/wp\/v2\/product_brand?post=21840"},{"taxonomy":"product_cat","embeddable":true,"href":"https:\/\/espanola.lt\/en\/wp-json\/wp\/v2\/product_cat?post=21840"},{"taxonomy":"product_tag","embeddable":true,"href":"https:\/\/espanola.lt\/en\/wp-json\/wp\/v2\/product_tag?post=21840"}],"curies":[{"name":"wp","href":"https:\/\/api.w.org\/{rel}","templated":true}]}}